{"id":62,"date":"2009-02-07T15:04:16","date_gmt":"2009-02-07T14:04:16","guid":{"rendered":"https:\/\/wlochata-pasja.home.pl\/www\/?page_id=62"},"modified":"2022-11-28T14:07:04","modified_gmt":"2022-11-28T13:07:04","slug":"o-mnie","status":"publish","type":"page","link":"https:\/\/labradoodle.pl\/nl\/o-mnie\/","title":{"rendered":"Over mij"},"content":{"rendered":"<p>[et_pb_section fb_built=\u201d1\u2033 admin_label=\u201dsection\u201d _builder_version=\u201d4.16\u2033 global_colors_info=\u201d{}\u201d][et_pb_row column_structure=\u201d1_2,1_2\u2033 _builder_version=\u201d4.16\u2033 _module_preset=\u201ddefault\u201d global_colors_info=\u201d{}\u201d] [et_pb_column type=\u201d1_2\u2033 _builder_version=\u201d4.16\u2033 _module_preset=\u201ddefault\u201d global_colors_info=\u201d{}\u201d][et_pb_text _builder_version=\u201d4.16\u2033 _module_preset=\u201ddefault\u201d global_colors_info=\u201d{}\u201d]<\/p>\n<h1>Over mij<\/h1>\n<p>[\/et_pb_text][et_pb_text _builder_version=\u201d4.18.0\u2033 _module_preset=\u201ddefault\u201d custom_margin=\u201d0px||||false|false\u201d custom_padding=\u201d12px||||false|false\u201d hover_enabled=\u201d0\u2033 global_colors_info=\u201d {}\u201d sticky_enabled=\u201d0\u2033]<\/p>\n<h3>Welkom op de website gewijd aan het ras Australian Labradoodle<\/h3>\n<p>[\/et_pb_text][\/et_pb_column][et_pb_column type=\u201d1_2\u2033 _builder_version=\u201d4.16\u2033 _module_preset=\u201ddefault\u201d global_colors_info=\u201d{}\u201d][et_pb_image src=\u201dhttps:\/\/labradoodle.pl\/wp-content\/uploads \/2021\/02\/Labradoodle-Wlochata-Pasja-Afera-4.jpg\u201d title_text=\u201dLabradoodle \u2013 W\u0142ochata Pasja \u2013 Afera (4)\u201d _builder_version=\u201d4.16\u2033 _module_preset=\u201ddefault\u201d border_radii=\u201don|12px|12px|12px |12px\u201d global_colors_info=\u201d{}\u201d][\/et_pb_image][\/et_pb_column][\/et_pb_row][et_pb_row admin_label=\u201drow\u201d _builder_version=\u201d4.16\u2033 background_size=\u201dinitial\u201d background_position=\u201dtop_left\u201d background_repeat=\u201drepeat\u201d global_colors_info =\u201d{}\u201d][et_pb_column type=\u201d4_4\u2033 _builder_version=\u201d4.16\u2033 custom_padding=\u201d|||\u201d global_colors_info=\u201d{}\u201d custom_padding__hover=\u201d|||\u201d][et_pb_text admin_label=\u201dText\u201d _builder_version=\u201d4.16\u2033 background_size=\u201dinitial\u201d background_position=\u201dtop_left\u201d background_repeat=\u201drepeat\u201d global_colors_info=\u201d{}\u201d]<\/p>\n<p><span style=\"font-weight: 400;\">Mijn naam is Edita. Dieren zijn mijn passie, en omdat ik de eerste jaren van mijn leven op het platteland heb doorgebracht, zijn ze van kinds af aan bij me geweest. Dankzij mijn grootvader leerde ik de geheimen van het plattelands- en boerenleven kennen. Het gekletter van mijn voeten tussen de kuikens, bezoeken op blote voeten aan de stal, observatie van de wereld van bijen en leren om ze te respecteren ...<br \/><\/span>De natuurlijke wereld waarin ik ben opgegroeid en waar ik zoveel van hield, was altijd gevuld met een of andere soort dieren.<\/p>\n<p>&nbsp;<\/p>\n<h3>Allergie<\/h3>\n<p>&nbsp;<\/p>\n<p><span style=\"font-weight: 400;\">Helaas begon ik na enige tijd allergisch te worden voor dieren: varkens, konijnen, hamsters, later papegaaien en ten slotte honden. De honden waar ik altijd zo van heb gedroomd. Hoewel ik jarenlang in de overtuiging leefde dat ik ze nooit meer zou kunnen hebben, kon ik er niet mee omgaan. Gelukkig vertelde mijn aangeboren koppigheid me dat als ik iets echt wil, ik altijd een manier zal vinden om mijn droom waar te maken.\u00a0<\/span><\/p>\n<p><span style=\"font-weight: 400;\">Ik kreeg de bug te pakken toen ik voor het eerst de eigenaar werd van een hypoallergene hond - Blanka. Samen vormden we een perfect team. Het begin was allerlei trainingen met haar, daarna ben ik me steeds dieper gaan verdiepen in het gedrag van dieren, wat tot op de dag van vandaag mijn grote passie is.\u00a0<\/span><span style=\"font-weight: 400;\">Ik heb besloten dat dit de richting is die ik wil ontwikkelen. <\/span><\/p>\n<p><span style=\"font-weight: 400;\">In mijn jeugd heb ik fijngevoeligheid geleerd van kippen, respect van bijen en van paarden, dat we niet blootsvoets naar de stal gaan. Als volwassene ben ik afgestudeerd in gedragswetenschappen en zo\u00f6psychologie. Ook ben ik getuige-deskundige op het gebied van dierenwelzijn.<\/span><\/p>\n<p>&nbsp;<\/p>\n<h3>Momenteel<\/h3>\n<p>&nbsp;<\/p>\n<p><span style=\"font-weight: 400;\">Mijn doel voor de nabije toekomst is om het boek af te maken waarmee ik een paar jaar geleden begon te schrijven. Haar onderwerp is de ontwikkeling van de hersenen van de puppy en het belang en belang van een goede socialisatie.\u00a0<\/span><\/p>\n<p><span style=\"font-weight: 400;\">Ik ben de auteur van artikelen over Australian Labradoodles voor Poolse kennelbladen.\u00a0<\/span><\/p>\n<p><span style=\"font-weight: 400;\">Ik neem actief deel aan verschillende soorten lezingen, trainingen, workshops en lezingen. Een van de belangrijkste toespraken die ik mocht houden vond plaats op TED (Technology, Entertainment and Design) - een zeer bekende en populaire wetenschappelijke conferentie georganiseerd door de Amerikaanse non-profit Sapling Foundation. Het doel van de conferentie is om &quot;ideas worth spreading&quot; populair te maken\u00a0<\/span><span style=\"font-weight: 400;\">voor zelfstudie. <\/span><\/p>\n<p><span style=\"font-weight: 400;\">Mijn dagelijkse werk als zo\u00f6psycholoog en gedragstherapeut is voornamelijk het herstellen van de relatie tussen dier en mens, en het helpen van gezinnen met gedragsproblemen van hun huisdieren (hond en kat). Het grootste genoegen schenkt mij echter het praktische gebruik van mijn kennis ten behoeve van de socialisatie van pups die als blanco, blanco kaarten ter wereld komen. Wat ze in de eerste levensweken van mij en van hun baasjes krijgen, zal een heel duidelijke impact hebben op hun verdere lot. Daarom is een goede socialisatie van puppy&#039;s in de belangrijkste, bijna kritieke ontwikkelingsfase zo cruciaal. Mijn grootste passie is om deze zich ontwikkelende &quot;noedels&quot; te zien, niet alleen herinnerend aan wat seminars, trainingen me hebben geleerd, maar vooral kippen, paarden en bijen ...<\/span><\/p>\n<div class=\"et-fb-loader\" style=\"position: relative; margin-bottom: 40px;\"><\/div>\n<p>&nbsp;<\/p>\n<p>&nbsp;<\/p>\n<p>[\/et_pb_text][dmg_masonry_gallery gallery=\u201d3875,3868,3451,3452,3867\u2033 gutter=\u201d3\u2033 modal_title=\u201din_title\u201d hover_overlay_effect=\u201doverlay_image_data\u201d overlay_title_size=\u201d19px\u201d overlay_title_color=\u201d#FFFFFF\u201d show_overlay_caption=\u201doff \u201d ondertitel_grootte =\u201d14px\u201d paginering_buttons_background=\u201dRGBA(255.255.255,0)\u201d paginering_buttons_background_active=\u201d#bcb840\u2033 columns_tablet=\u201d2\u2033 columns_phone=\u201d2\u2033 columns_last_edited=\u201dop|telefoon\u201d _builder_version=\u201d4.16.0\u2033 _module_preset =\u201ddefault\u201d paginering_text_color= \u201d#bcb840\u2033 pagination_font_size=\u201d12px\u201d pagination_active_text_color=\u201d#71615b\u201d pagination_active_font_size=\u201d12px\u201d border_radii_image=\u201don|12px|12px|12px|12px\u201d border_radii_pagination=\u201don|6px|6px|6px|6 px\u201d border_radii_pagination_active=\u201don| 6px |6px|6px|6px\u201d box_shadow_style_pagination=\u201dpreset1\u2033 global_colors_info=\u201d{}\u201d][\/dmg_masonry_gallery][\/et_pb_column][\/et_pb_row][et_pb_row _builder_version=\u201d4.16\u2033 _module_preset=\u201ddefault\u201d global_colors_info=\u201d{}\u201d ] [et_pb_column type=\u201d4_4\u2033 _builder_version=\u201d4.16\u2033 _module_preset=\u201ddefault\u201d global_colors_info=\u201d{}\u201d][et_pb_text _builder_version=\u201d4.16\u2033 text_font_size=\u201d18\u2033 global_colors_info=\u201d{}\u201d]<\/p>\n<p class=\"et-fb-loader\" style=\"position: relative; margin-bottom: 40px;\">Mijn moeder Ela was de laatste impuls om een Australian Labradoodle kennel op te richten. 5 jaar lang hebben we samen voor honden gezorgd. Helaas heeft een wrede ziekte haar in 2014 van ons weggenomen. Ik weet echter dat hij me tot op de dag van vandaag steunt en beschermt ... hoewel niet zoveel als voorheen.<\/p>\n<div class=\"et-fb-loader\" style=\"position: relative; margin-bottom: 40px;\">&#8212;&#8212;&#8212;&#8212;&#8212;&#8212;&#8212;&#8212;&#8212;&#8212;&#8212;&#8212;&#8212;&#8212;&#8212;&#8211;<br \/>\nharige passie<br \/>\nEerste Australian Labradoodle Kennel in Polen<\/div>\n<p>[\/et_pb_text][\/et_pb_column][\/et_pb_row][et_pb_row admin_label=\u201drow\u201d _builder_version=\u201d4.16\u2033 background_size=\u201dinitial\u201d background_position=\u201dtop_left\u201d background_repeat=\u201drepeat\u201d global_colors_info=\u201d{}\u201d][et_pb_column type= \u201d4_4\u2033 _builder_version=\u201d4.16\u2033 custom_padding=\u201d|||\u201d global_colors_info=\u201d{}\u201d custom_padding__hover=\u201d|||\u201d][et_pb_text _builder_version=\u201d4.16\u2033 text_font_size=\u201d18\u2033 global_colors_info=\u201d{}\u201d]<\/p>\n<h3>MIJN OPLEIDING<\/h3>\n<p>&nbsp;<\/p>\n<p><b>Faciliteit: Duke University, Durham, North Carolina, VS<\/b><\/p>\n<p><span>Behaalde kwalificaties: Dog Emotion and Cognition Diploma<\/span><\/p>\n<p><b>Faciliteit: Vereniging Dieren voor Mensen\u00a0<\/b><\/p>\n<p><span>Kwalificaties verkregen: <\/span><\/p>\n<p><span>\u2013 gediplomeerde hondentherapeut<\/span><\/p>\n<p>\u2013 het bezoekende team Edyta Gajewska en de hond Goddess<\/p>\n<p>Het certificaat geeft recht op het zelfstandig geven van huisbezoeken en het ondersteunen van het onderwijsproces\/therapie in samenwerking met een specialist.<span><\/span><\/p>\n<p><b>Faciliteit: Vereniging Neuswerk Polen<\/b><\/p>\n<p><span>Verkregen kwalificaties: Gecertificeerd Nosework Polska Instructor<\/span><\/p>\n<p><b>Faciliteit: districtsrechtbanken<\/b><\/p>\n<p>Titel: Gerechtsdeskundige op het gebied van kynologie en dierenwelzijn<\/p>\n<p><b>Faciliteit: Centrum voor toegepaste huisdierethologie - <\/b><b>COAP<\/b><\/p>\n<p><span style=\"font-weight: 400;\">Verkregen kwalificaties: Animal behaviorist (Britse erkende dierengedragstherapeut kwalificaties <\/span><span style=\"font-weight: 400;\">COAP<\/span><span style=\"font-weight: 400;\">)<\/span><\/p>\n<p><b>Instelling: Europese studie van dierpsychologie en praktische kennis<\/b><\/p>\n<p><span style=\"font-weight: 400;\">Verkregen kwalificaties: Zoopsycholoog<\/span><\/p>\n<p><b>Faciliteit: The Quadruped Academy, Pastel Alicja Duda<\/b><\/p>\n<p><span style=\"font-weight: 400;\">Afgeronde opleiding<\/span><\/p>\n<p><b>Georganiseerde seminars en behaalde diploma&#039;s:<\/b><\/p>\n<p><span style=\"font-weight: 400;\">Akademia 4 \u0141apy, &quot;Ontspannende massageworkshops voor honden&quot;<\/span><\/p>\n<p><span style=\"font-weight: 400;\">Kyno Edukacja &quot;Wat zit er in de genen, of hoe kies je een dekreu&quot;<\/span><\/p>\n<p><span style=\"font-weight: 400;\">Amber Batson, een serie seminars uit de serie &quot;New Concepts in Behavior Science&quot;:<\/span><\/p>\n<p><span style=\"font-weight: 400;\">Amber Batson, &quot;De wilde temmen - de hond het zwijgen opleggen met beloningen&quot;<\/span><\/p>\n<p><span style=\"font-weight: 400;\">Amber Batson, &quot;Hoe geheugen werkt bij honden - wat een hond onthoudt, hoe zijn gedrag verandert en hoe we het kunnen be\u00efnvloeden&quot;<\/span><\/p>\n<p><span style=\"font-weight: 400;\">Amber Batson, &quot;Atypisch gedrag - agressie, depressie, aangeleerde hulpeloosheid, stereotype ontwikkeling&quot;<\/span><\/p>\n<p><span style=\"font-weight: 400;\">Professor Raymond Coppinger, &quot;Emoties, intelligentie en gedrag bij honden&quot;<\/span><\/p>\n<p><span style=\"font-weight: 400;\">Alexa Capra &quot;Gedragstesten in het adoptieproces&quot;<\/span><\/p>\n<p><span style=\"font-weight: 400;\">Turid Rugaas &quot;Het werk van de hondentherapeut&quot;<\/span><\/p>\n<p><span style=\"font-weight: 400;\">Sally Askew &quot;Voeding en gedragsproblemen bij honden&quot;<\/span><\/p>\n<p>&nbsp;<\/p>\n<h3>Australische labradoodle<\/h3>\n<p>&nbsp;<\/p>\n<p><span style=\"font-weight: 400;\">Lange tijd was er \u00e9\u00e9n gedachte in mijn hoofd: het probleem van allergie\u00ebn treft zoveel mensen over de hele wereld en het lijkt erop dat er steeds meer zullen zijn. Ik vroeg me ook af hoeveel mensen met een handicap die een hulphond nodig hebben in deze hele groep zitten? Hoeveel mensen met astma of allergie\u00ebn hebben een werkhond nodig? <\/span><\/p>\n<p><span style=\"font-weight: 400;\">Per ongeluk stuitte ik op een artikel in het maandblad \u201cM\u00f3j Pies\u201d van Magda Urban van de \u201cPsia Wachta\u201d Foundation. Het was een artikel over Beverly Manners en haar geweldige Australian Labradoodles - het was een hit, ik wist dat dit iets was waar ik al zo lang naar op zoek was. We hadden snel contact en onze fantastische relatie begon. Ongeveer een jaar lang deelde ze haar waardevolle ervaring met mij. <\/span><\/p>\n<p><span style=\"font-weight: 400;\">In 2008 vloog ik naar Australi\u00eb en bezocht Beverly Manners in Rutland Manor. Vijf weken lang woonde ik bij haar en deed ik waardevolle kennis op terwijl ik voor haar honden zorgde en tijdens onze lange avondgesprekken. Ik weet \u00e9\u00e9n ding, het was een ervaring die ik de rest van mijn leven nooit zal vergeten. Voor het eerst voelde ik geen allergische reacties ondanks het feit dat ik met zoveel honden te maken had, de glimlach ging nooit van mijn gezicht en ik kreeg het insect overal te pakken. <\/span><\/p>\n<p>[\/et_pb_text] [dmg_masonry_gallery gallery = \u201d3448,3447,3446,3445,3444,3443,3442,3441,3440 \u2033 gutter =\u201d 3 \u2033 Modal_title = \u201din_title&quot; overtel &quot;overlay_data px &quot;=&quot; #ffffff \u201d show_overlay_caption=\u201doff\u201d overlay_caption_size=\u201d14px\u201d paginering_buttons_background=\u201dRGBA(255,255,255,0)\u201d paginering_buttons_background_active=\u201d#bcb840\u2033 columns_tablet=\u201d2\u2033 columns_phone=\u201d2\u2033 columns_last_edited=\u201daan |phone\u201d_builder_version=\u201d4.1 6,0\u2033 _module_preset=\u201ddefault\u201d paginering_text_color=\u201d#bcb840\u2033 paginering_font_size=\u201d12px\u201d paginering_active_text_color=\u201d#71615b\u201d paginering_active_font_size=\u201d12px\u201d border_radii_image=\u201don|12px|12px|12px|12px\u201d border_radii_pagination=\u201don|6px|6px| 6px| 6px\u201d border_radii_pagination_active=\u201don|6px|6px|6px|6px\u201d box_shadow_style_pagination=\u201dpreset1\u2033 global_colors_info=\u201d{}\u201d][\/dmg_masonry_gallery][\/et_pb_column][\/et_pb_row][\/et_pb_section]<\/p>","protected":false},"excerpt":{"rendered":"<p>Over mijWelkom op de website gewijd aan het Australian Labradoodle-ras. Mijn naam is Edyta. Dieren zijn mijn passie, en sinds ik de eerste jaren van mijn leven op het platteland doorbracht, zijn ze al van kleins af aan bij mij. Dankzij mijn grootvader leerde ik de geheimen van het plattelands- en boerenleven kennen. Het voetstappen tussen de kuikens, blotevoetenbezoeken aan de stal, het observeren van de wereld van de bijen en het leren respecteren [...]<\/p>","protected":false},"author":2,"featured_media":0,"parent":0,"menu_order":3,"comment_status":"closed","ping_status":"closed","template":"","meta":{"_et_pb_use_builder":"on","_et_pb_old_content":"<h3>Witam gor\u0105co na witrynie internetowej dedykowanej Australijskim Labradoodle<\/h3>\r\n<a style=\"font-weight: bold;\" href=\"http:\/\/www.wlochata-pasja.com.pl\/plik\/ja.jpg\"><img class=\"size-thumbnail wp-image-2425\" src=\"http:\/\/www.wlochata-pasja.com.pl\/plik\/ja-150x150.jpg\" alt=\"Edyta\" width=\"150\" height=\"150\" \/><\/a>\r\n\r\n\u00a0\r\n\r\n<span style=\"font-weight: 400;\">Mam na imi\u0119 Edyta, zwierz\u0119ta to moja pasja i od niepami\u0119tnych czas\u00f3w by\u0142y towarzyszem mojego \u017cycia, kt\u00f3rego pierwsze lata sp\u0119dzi\u0142am na niewielkiej wsi. To tam w\u0142a\u015bnie pozna\u0142am tajniki \u017cycia wiejsko-farmerskiego dzi\u0119ki mojemu pradziadkowi. Tupot ma\u0142ych stupek w\u015br\u00f3d pisklak\u00f3w, wizyty w stajni na boso, obserwacja zachowania pszcz\u00f3\u0142 oraz uczenie si\u0119 respektu do nich...T\u0105 nieocenion\u0105 nauk\u0119 \u017cycia zgodnego z przyrod\u0105 przekazuj\u0119 teraz moim dw\u00f3m synom, Fabianowi oraz Samuelowi, kt\u00f3rzy r\u00f3wnie\u017c wykazuj\u0105 bardzo du\u017ce zainteresowanie \u015bwiatem fauny i flory.\r\n<\/span>\u015awiat przyrody, w kt\u00f3rym dorasta\u0142am i obdarzy\u0142am tak wielk\u0105 mi\u0142o\u015bci\u0105 zawsze by\u0142 wype\u0142niony jakimi\u015b zwierz\u0119tami - myszkami, \u015bwinkami morskimi, chomikami, rybkami, kurami , psami...\r\n\r\n<span style=\"font-weight: 400;\">Niestety, z dnia na dzie\u0144 zacz\u0119\u0142am odczuwa\u0107 coraz wi\u0119ksze uczulenie na zwierz\u0119ta, \u015bwinki, kr\u00f3liki, chomiki, p\u00f3\u017aniej papugi a\u017c w ko\u0144cu psy. Psy o kt\u00f3rych zawsze tak bardzo marzy\u0142am. \u017byj\u0105c tak wiele lat w przekonaniu \u017ce ju\u017c nigdy nie b\u0119d\u0105 mog\u0142a ich mie\u0107, nie mog\u0142am si\u0119 z tym pogodzi\u0107. Na szcz\u0119\u015bcie m\u00f3j wrodzony up\u00f3r podpowiada\u0142 mi, \u017ce je\u017celi czego\u015b bardzo pragniemy to zawsze znajdziemy spos\u00f3b aby zrealizowa\u0107 nasze marzenie.\u00a0<\/span>\r\n\r\n<span style=\"font-weight: 400;\">Bakcyla z\u0142apa\u0142am w momencie jak po raz pierwszy sta\u0142am si\u0119 w\u0142a\u015bcicielem psa hypoalergicznego - Blanki, stworzy\u0142y\u015bmy zesp\u00f3\u0142 doskona\u0142y. Pocz\u0105tek to wszelkiego rodzaju szkolenia z Blank\u0105, zaraz potem coraz g\u0142\u0119biej zacz\u0119\u0142am wchodzi\u0107 w behawior zwierz\u0105t, kt\u00f3ry do dnia dzisiejszego jest moj\u0105 wielk\u0105 pasj\u0105.\u00a0<\/span><span style=\"font-weight: 400;\">Postanowi\u0142am, \u017ce to w\u0142a\u015bnie w tym kierunku chc\u0119 si\u0119 rozwija\u0107. W czasach dzieci\u0144stwa to od kurcz\u0105t uczy\u0142am si\u0119 delikatno\u015bci, od pszcz\u00f3\u0142 respektu a od koni, tego \u2026.\u017ce do stajni nie chodzimy w butach. Ju\u017c jako doros\u0142a osoba uko\u0144czy\u0142am behawiorystyk\u0119 i zoopsychologi\u0119.\u00a0Jestem tak\u017ce Bieg\u0142ym S\u0105dowym w zakresie dobrostanu zwierz\u0105t.<\/span>\r\n\r\n<span style=\"font-weight: 400;\">Mi\u0119dzy innymi o Australijskich Labradoodlach pisa\u0142am artyku\u0142y do polskich magazyn\u00f3w kynologicznych. Moim celem na najbli\u017cszy czas jest zako\u0144czenie ksi\u0105\u017cki, kt\u00f3r\u0105 rozpocz\u0119\u0142am pisa\u0107 kilka lat temu. Jej tematem jest rozw\u00f3j m\u00f3zgu szczeni\u0105t a tak\u017ce znaczenie i waga prawid\u0142owej socjalizacji.\u00a0<\/span>\r\n\r\n<span style=\"font-weight: 400;\">Aktywnie uczestnicz\u0119 w r\u00f3\u017cnego rodzaju prelekcjach, szkoleniach, warsztatach czy wyk\u0142adach. Jedno z najwa\u017cniejszych wyst\u0105pie\u0144 jakie mia\u0142am okazj\u0119 prowadzi\u0107 odby\u0142o si\u0119 na TED (Technology, Entertainment and Design) - bardzo znana i popularna konferencja naukowa, kt\u00f3rej organizatorem jest ameryka\u0144ska fundacja non-profit Sapling Foundation. Celem konferencji jest popularyzacja \u201cidei wartych rozpowszechniania\u201d<\/span>\r\n\r\n[et_social_share_media]\r\n\r\n[caption id=\"attachment_2417\" align=\"alignnone\" width=\"150\"]<img class=\"size-thumbnail wp-image-2417\" src=\"http:\/\/www.wlochata-pasja.com.pl\/plik\/prelekcja-150x150.jpg\" alt=\"prelekcja TEDx\" width=\"150\" height=\"150\" \/> prelekcja TEDx[\/caption]\r\n\r\n[caption id=\"attachment_2420\" align=\"alignnone\" width=\"150\"]<a href=\"http:\/\/www.wlochata-pasja.com.pl\/plik\/tedxxx.jpg\"><img class=\"size-thumbnail wp-image-2420\" src=\"http:\/\/www.wlochata-pasja.com.pl\/plik\/tedxxx-150x150.jpg\" alt=\"TEDx \u015awiadectwa jako\u015bci\" width=\"150\" height=\"150\" \/><\/a> TEDx \u015awiadectwa jako\u015bci[\/caption]\r\n\r\n<span style=\"font-weight: 400;\">Moja codzienna praca jako zoopsycholog i behawiorysta to przede wszystkim naprawianie relacji mi\u0119dzy zwierz\u0119ciem a cz\u0142owiekiem, to tak\u017ce pomoc rodzinom maj\u0105cym problemy behawioralne zwierz\u0105t (ps\u00f3w i kot\u00f3w). Jednak najwi\u0119ksz\u0105 przyjemno\u015b\u0107 sprawia mi wykorzystywanie w praktyce mojej wiedzy w celach socjalizacji szczeni\u0105t, kt\u00f3re przychodz\u0105 na \u015bwiat mo\u017cna powiedzie\u0107 jak czysta, niezapisana karta. To co otrzymaj\u0105 od swoich w\u0142a\u015bcicieli w pierwszych tygodniach \u017cycia wp\u0142ynie bardzo wyra\u017anie na ich dalsze losy. Dlatego tak kluczowa jest w\u0142a\u015bciwa socjalizacja szczeni\u0105t w najwa\u017cniejszej, niemal\u017ce krytycznej fazie rozwoju. Tak jak ju\u017c wspomina\u0142am - jest to moja najwi\u0119ksza pasja, widzie\u0107 Te rozwijaj\u0105ce si\u0119 \u201ckuleczki\u201d, pami\u0119ta\u0107 r\u00f3wnie\u017c to czego nauczy\u0142y mnie seminaria, szkolenia ale tak\u017ce kurczaki i pszczo\u0142y... <\/span>\r\n\r\n<b>MOJA<\/b> <b>EDUKACJA<\/b><b>:<\/b>\r\n\r\n<b>Pla\u00adc\u00f3wka: Cen\u00adtre of Applied Pet Etho\u00adlogy \u2014 <\/b><b>COAPE<\/b>\r\n\r\n<span style=\"font-weight: 400;\">Uzy\u00adskane kwa\u00adli\u00adfi\u00adka\u00adcje: Beha\u00adwio\u00adry\u00adsta zwie\u00adrz\u0119cy (bry\u00adtyj\u00adskie kwa\u00adli\u00adfi\u00adka\u00adcje beha\u00adwio\u00adry\u00adsty zwie\u00adrz\u0119\u00adcego na licen\u00adcji <\/span><span style=\"font-weight: 400;\">COAPE<\/span><span style=\"font-weight: 400;\">)<\/span>\r\n\r\n<b>Pla\u00adc\u00f3wka: Euro\u00adpej\u00adskie Stu\u00addium Psy\u00adcho\u00adlo\u00adgii Zwie\u00adrz\u0105t i Wie\u00addzy Prak\u00adtycz\u00adnej<\/b>\r\n\r\n<span style=\"font-weight: 400;\">Uzy\u00adskane kwa\u00adli\u00adfi\u00adka\u00adcje: Zoopsycholog<\/span>\r\n\r\n<b>Pla\u00adc\u00f3wka: Aka\u00adde\u00admia Czwo\u00adro\u00adnoga, Pastel Ali\u00adcja Duda<\/b>\r\n\r\n<span style=\"font-weight: 400;\">Uko\u0144\u00adczony kurs trenerski<\/span>\r\n\r\n<b>Odbyte semi\u00adna\u00adria i uzy\u00adskane dyplomy:<\/b>\r\n\r\n<span style=\"font-weight: 400;\">Aka\u00adde\u00admia 4 \u0141apy, \u201eWarsz\u00adtaty masa\u017cu relak\u00adsa\u00adcyj\u00adnego dla ps\u00f3w\u201d<\/span>\r\n\r\n<span style=\"font-weight: 400;\">Kyno Edu\u00adka\u00adcja \u201eCo w genach pisz\u00adczy czyli jak dobra\u0107 repro\u00adduk\u00adtora\u201d<\/span>\r\n\r\n<span style=\"font-weight: 400;\">Amber Bat\u00adson, seria semi\u00adna\u00adri\u00f3w z cyklu \u201eNowe kon\u00adcep\u00adcje w beha\u00adwio\u00adry\u00adstyce\u201d:<\/span>\r\n\r\n<span style=\"font-weight: 400;\">Amber Bat\u00adson, \u201ePoskra\u00admia\u00adnie dzi\u00adkusa \u2013 wyci\u00adsza\u00adnie psa przy u\u017cy\u00adciu nagr\u00f3d\u201d<\/span>\r\n\r\n<span style=\"font-weight: 400;\">Amber Bat\u00adson, \u201eJak dzia\u0142a Pami\u0119\u0107 u ps\u00f3w \u2013 co pies zapa\u00admi\u0119\u00adtuje, w jaki spo\u00ads\u00f3b zmie\u00adnia si\u0119 jego zacho\u00adwa\u00adnie i jak my mo\u017cemy na to wp\u0142y\u00adwa\u0107\u201d<\/span>\r\n\r\n<span style=\"font-weight: 400;\">Amber Bat\u00adson, \u201eZacho\u00adwa\u00adnia nie\u00adty\u00adpowe \u2013 agre\u00adsja, depre\u00adsja, wyuczona bez\u00adrad\u00adno\u015b\u0107, roz\u00adw\u00f3j ste\u00adreo\u00adty\u00adpii\u201d<\/span>\r\n\r\n<span style=\"font-weight: 400;\">Pro\u00adfe\u00adsor Ray\u00admond Cop\u00adpin\u00adger, \u201eEmo\u00adcje, inte\u00adli\u00adgen\u00adcja i zacho\u00adwa\u00adnie ps\u00f3w\u201d<\/span>\r\n\r\n<span style=\"font-weight: 400;\">Alexa Capra \u201eTesty beha\u00adwio\u00adralne w pro\u00adce\u00adsie adop\u00adcji\u201d<\/span>\r\n\r\n<span style=\"font-weight: 400;\">Turid Rugaas \u201ePraca Psa Tera\u00adpeuty\u201d<\/span>\r\n\r\n<span style=\"font-weight: 400;\">Sally Askew \u201e\u017bywie\u00adnie ps\u00f3w a pro\u00adblemy behawioralne\u201d<\/span>\r\n\r\n<span style=\"font-weight: 400;\">Przez d\u0142ugi czas w mojej g\u0142owie przewija\u0142a si\u0119 jedna my\u015bl - problem alergii dotyka tak wiele os\u00f3b na ca\u0142ym \u015bwiecie i wygl\u0105da na to \u017ce b\u0119dzie ich stale przybywa\u0107. Zastanawiaj\u0105cy by\u0142 r\u00f3wnie\u017c fakt ile w tej ca\u0142ej grupie b\u0119dzie os\u00f3b niepe\u0142nosprawnych, kt\u00f3re potrzebuj\u0105 psa asystuj\u0105cego? a ilu astmatyk\u00f3w b\u0105d\u017a alergik\u00f3w potrzebuj\u0105cych psa pracuj\u0105cego? <\/span>\r\n\r\n<span style=\"font-weight: 400;\">Przypadkowo trafi\u0142am na artyku\u0142 w miesi\u0119czniku \u201cM\u00f3j Pies\u201d autorstwa Magdy Urban z Fundacji \u201cPsia Wachta\u201d. To by\u0142 artyku\u0142 o Beverly Manners oraz jej wspania\u0142ych Australijskich Labradoodlach - to by\u0142 strza\u0142 w dziesi\u0105tk\u0119, wiedzia\u0142am \u017ce to jest to co\u015b, to czego od tak dawna szuka\u0142am. Bardzo szybko nawi\u0105za\u0142y\u015bmy kontakt i rozpocz\u0119\u0142a si\u0119 nasza fantastyczna znajomo\u015b\u0107. Przez oko\u0142o rok czasu Beverly dzieli\u0142a si\u0119 ze mn\u0105 swoim jak\u017ce cennym do\u015bwiadczeniem. <\/span>\r\n\r\n<span style=\"font-weight: 400;\">W 2008 roku polecia\u0142am do Australii, odwiedzi\u0142am Beverly Manners w Rutland Manor. Przez pi\u0119\u0107 tygodni mieszka\u0142am u niej i zdobywa\u0142am bezcenn\u0105 wiedz\u0119 opiekuj\u0105c si\u0119 jej psami oraz w trakcie naszych d\u0142ugich, wieczornych rozm\u00f3w. Wiem jedno, to by\u0142o prze\u017cycie kt\u00f3rego nie zapomn\u0119 do ko\u0144ca \u017cycia. Po raz pierwszy nie odczuwa\u0142am \u017cadnych reakcji alergicznych pomimo obcowania z tak du\u017c\u0105 ilo\u015bci\u0105 ps\u00f3w, u\u015bmiech nie schodzi\u0142 z mojej twarzy a bakcyla z\u0142apa\u0142am na ca\u0142ego. <\/span>\r\n\r\n<a style=\"font-weight: bold;\" href=\"http:\/\/www.labradoodle.com.pl\/plik\/Groomed-Winnie-Australia.jpg\"><img class=\"alignnone wp-image-2943 size-thumbnail\" title=\"Groomed Winnie! Australia\" src=\"http:\/\/www.labradoodle.com.pl\/plik\/Groomed-Winnie-Australia-150x150.jpg\" alt=\"Groomed Winnie! Australia\" width=\"150\" height=\"150\" \/><\/a>\r\n\r\nGroomed Winnie! Australia\r\n\r\n[caption id=\"attachment_2941\" align=\"alignnone\" width=\"150\"]<a href=\"http:\/\/www.labradoodle.com.pl\/plik\/Ava-Australia.jpg\"><img class=\"size-thumbnail wp-image-2941\" title=\"Ava - Australia\" src=\"http:\/\/www.labradoodle.com.pl\/plik\/Ava-Australia-150x150.jpg\" alt=\"Ava - Australia\" width=\"150\" height=\"150\" \/><\/a> Ava - Australia[\/caption]\r\n\r\n[caption id=\"attachment_2940\" align=\"alignnone\" width=\"150\"]<a href=\"http:\/\/www.labradoodle.com.pl\/plik\/Australian-Labradoodle-Training.jpg\"><img class=\"size-thumbnail wp-image-2940\" title=\"Australian Labradoodle Training\" src=\"http:\/\/www.labradoodle.com.pl\/plik\/Australian-Labradoodle-Training-150x150.jpg\" alt=\"Australian Labradoodle Training\" width=\"150\" height=\"150\" \/><\/a> Australian Labradoodle Training[\/caption]\r\n\r\n[caption id=\"attachment_2939\" align=\"alignnone\" width=\"150\"]<a href=\"http:\/\/www.labradoodle.com.pl\/plik\/Australian-Labradoodle-Socialization-Australia.jpg\"><img class=\"size-thumbnail wp-image-2939\" title=\"Australian Labradoodle Socialization, Australia\" src=\"http:\/\/www.labradoodle.com.pl\/plik\/Australian-Labradoodle-Socialization-Australia-150x150.jpg\" alt=\"Australian Labradoodle Socialization, Australia\" width=\"150\" height=\"150\" \/><\/a> Australian Labradoodle Socialization, Australia[\/caption]\r\n\r\n[caption id=\"attachment_2938\" align=\"alignnone\" width=\"150\"]<a href=\"http:\/\/www.labradoodle.com.pl\/plik\/Australian-Labradoodle-in-Australia.jpg\"><img class=\"size-thumbnail wp-image-2938\" title=\"Australian Labradoodle in Australia\" src=\"http:\/\/www.labradoodle.com.pl\/plik\/Australian-Labradoodle-in-Australia-150x150.jpg\" alt=\"Australian Labradoodle in Australia\" width=\"150\" height=\"150\" \/><\/a> Australian Labradoodle in Australia[\/caption]\r\n\r\n[caption id=\"attachment_2937\" align=\"alignnone\" width=\"150\"]<a href=\"http:\/\/www.labradoodle.com.pl\/plik\/Australian-Labradoodle-early-socialisation-Australia.jpg\"><img class=\"size-thumbnail wp-image-2937\" title=\"Australian Labradoodle early socialisation, Australia\" src=\"http:\/\/www.labradoodle.com.pl\/plik\/Australian-Labradoodle-early-socialisation-Australia-150x150.jpg\" alt=\"Australian Labradoodle early socialisation, Australia\" width=\"150\" height=\"150\" \/><\/a> Australian Labradoodle early socialisation, Australia[\/caption]\r\n\r\n[caption id=\"attachment_2936\" align=\"alignnone\" width=\"150\"]<a href=\"http:\/\/www.labradoodle.com.pl\/plik\/Australia-training-Tux.jpg\"><img class=\"size-thumbnail wp-image-2936\" title=\"Australia, training Tux\" src=\"http:\/\/www.labradoodle.com.pl\/plik\/Australia-training-Tux-150x150.jpg\" alt=\"Australia, training Tux\" width=\"150\" height=\"150\" \/><\/a> Australia, training Tux[\/caption]\r\n\r\n[caption id=\"attachment_2935\" align=\"alignnone\" width=\"150\"]<a href=\"http:\/\/www.labradoodle.com.pl\/plik\/Australia-Training-Kirstie.jpg\"><img class=\"size-thumbnail wp-image-2935\" title=\"Australia, Training Kirstie\" src=\"http:\/\/www.labradoodle.com.pl\/plik\/Australia-Training-Kirstie-150x150.jpg\" alt=\"Australia, Training Kirstie\" width=\"150\" height=\"150\" \/><\/a> Australia, Training Kirstie[\/caption]\r\n\r\n[caption id=\"attachment_2934\" align=\"alignnone\" width=\"150\"]<a href=\"http:\/\/www.labradoodle.com.pl\/plik\/Australia-training-Australian-Labradoodle.jpg\"><img class=\"size-thumbnail wp-image-2934\" title=\"Australia, training Australian Labradoodle\" src=\"http:\/\/www.labradoodle.com.pl\/plik\/Australia-training-Australian-Labradoodle-150x150.jpg\" alt=\"Australia, training Australian Labradoodle\" width=\"150\" height=\"150\" \/><\/a> Australia, training Australian Labradoodle[\/caption]\r\n\r\n[caption id=\"attachment_2942\" align=\"alignnone\" width=\"150\"]<a href=\"http:\/\/www.labradoodle.com.pl\/plik\/AvaAtHeelEdyta.jpg\"><img class=\"size-thumbnail wp-image-2942\" title=\"Ava At Heel Edyta, Australia\" src=\"http:\/\/www.labradoodle.com.pl\/plik\/AvaAtHeelEdyta-150x150.jpg\" alt=\"Ava At Heel Edyta, Australia\" width=\"150\" height=\"150\" \/><\/a> Ava At Heel Edyta, Australia[\/caption]\r\n\r\nMoja mama Ela by\u0142a ostatecznym impulsem do za\u0142o\u017cenia hodowli Australijskich Labradoodle. Przez 5 lat zajmowa\u0142y\u015bmy si\u0119 psiakami razem. Niestety w 2014 roku zabra\u0142a nam j\u0105 okrutna choroba. Jednak wiem, \u017ce po dzi\u015b dzie\u0144 wspiera mnie i chroni...cho\u0107 ju\u017c nie tak jak dawniej.\r\n\r\n[caption id=\"attachment_2954\" align=\"alignnone\" width=\"150\"]<a href=\"http:\/\/www.labradoodle.com.pl\/plik\/Ela-i-Fila.jpg\"><img class=\"size-thumbnail wp-image-2954\" title=\"Ela i Fila\" src=\"http:\/\/www.labradoodle.com.pl\/plik\/Ela-i-Fila-150x150.jpg\" alt=\"Ela i Fila\" width=\"150\" height=\"150\" \/><\/a> Ela i Fila[\/caption]\r\n\r\n[\/et_social_share_media]\r\n\r\n\u00a0\r\n\r\n-----------------------------------------------\r\nW\u0142ochata Pasja\r\nPierwsza Hodowla Australijskich Labradoodle w Polsce","_et_gb_content_width":"","footnotes":""},"class_list":["post-62","page","type-page","status-publish","hentry"],"_links":{"self":[{"href":"https:\/\/labradoodle.pl\/nl\/wp-json\/wp\/v2\/pages\/62","targetHints":{"allow":["GET"]}}],"collection":[{"href":"https:\/\/labradoodle.pl\/nl\/wp-json\/wp\/v2\/pages"}],"about":[{"href":"https:\/\/labradoodle.pl\/nl\/wp-json\/wp\/v2\/types\/page"}],"author":[{"embeddable":true,"href":"https:\/\/labradoodle.pl\/nl\/wp-json\/wp\/v2\/users\/2"}],"replies":[{"embeddable":true,"href":"https:\/\/labradoodle.pl\/nl\/wp-json\/wp\/v2\/comments?post=62"}],"version-history":[{"count":46,"href":"https:\/\/labradoodle.pl\/nl\/wp-json\/wp\/v2\/pages\/62\/revisions"}],"predecessor-version":[{"id":5834,"href":"https:\/\/labradoodle.pl\/nl\/wp-json\/wp\/v2\/pages\/62\/revisions\/5834"}],"wp:attachment":[{"href":"https:\/\/labradoodle.pl\/nl\/wp-json\/wp\/v2\/media?parent=62"}],"curies":[{"name":"wp","href":"https:\/\/api.w.org\/{rel}","templated":true}]}}